{"id":124,"date":"2020-06-18T11:39:37","date_gmt":"2020-06-18T09:39:37","guid":{"rendered":"http:\/\/www.gruene-ov-stuttgart.de\/weilimdorf\/?page_id=124"},"modified":"2024-03-13T17:01:00","modified_gmt":"2024-03-13T16:01:00","slug":"flora-fauna","status":"publish","type":"page","link":"https:\/\/www.gruene-ov-stuttgart.de\/weilimdorf\/flora-fauna\/","title":{"rendered":"Flora &#038; Fauna"},"content":{"rendered":"\n<p class=\"has-very-dark-gray-color has-light-green-cyan-background-color has-text-color has-background has-normal-font-size\"><strong>Weilimdorfs<\/strong> Fl\u00e4chen sind mittlerweile zu rund 40 % bebaut, oder mit anderen Worten: mehr oder weniger versiegelt &#8211; sicher auch der Tatsache geschuldet, dass unser Stadtteil der zweitgr\u00f6\u00dfte Wirtschaftsstandort Stuttgarts ist.                                                                                             <\/p>\n\n\n\n<p class=\"has-light-green-cyan-background-color has-text-color has-background has-normal-font-size\" style=\"color:#303030\"><strong>Unter <\/strong>dem Aspekt des Schutzes von Umwelt und Natur darf man getrost von einer eher beunruhigenden Nachricht sprechen. Aber auf der anderen Seite ist es durchaus erfreulich, dass immerhin ca. 60 % der Fl\u00e4che Weilimdorfs noch so etwas wie Naturn\u00e4he bieten, seien es W\u00e4lder, Felder, \u00c4cker oder sonstige Gr\u00fcnzonen sowie kleinere Gew\u00e4sser.                                                                     <\/p>\n\n\n\n<p class=\"has-very-dark-gray-color has-light-green-cyan-background-color has-text-color has-background has-normal-font-size\"><strong>Fl\u00e4chenfra\u00df<\/strong> stoppen und Natur erhalten, das geh\u00f6rt zum Kern gr\u00fcner Politik, die aber auch das Mit-Denken und Mit-Handeln von uns allen braucht.                                                                                  <\/p>\n\n\n\n<p class=\"has-very-dark-gray-color has-light-green-cyan-background-color has-text-color has-background has-normal-font-size\"><strong>Vieles<\/strong> davon ist machbar und ohne gr\u00f6\u00dferen Aufwand zu betreiben, beispielsweise Balkone oder G\u00e4rten insektenfreundlich zu bepflanzen oder &#8211; wenn m\u00f6glich &#8211; einen Teich anzulegen.<\/p>\n\n\n\n<p class=\"has-very-dark-gray-color has-light-green-cyan-background-color has-text-color has-background\"><strong>Die<\/strong> folgenden Fotos und Videos sind alle hier in Weilimdorf (Freifl\u00e4chen oder Garten) entstanden und zeigen, dass sich die Tier- und Pflanzenwelt in unserem Stadtgebiet noch erfreulich vielf\u00e4ltig und sehenswert pr\u00e4sentiert &#8211; wenn man etwas genauer hinschaut &#8230;<\/p>\n\n\n\n<div style=\"height:99px\" aria-hidden=\"true\" class=\"wp-block-spacer\"><\/div>\n\n\n\n<figure class=\"wp-block-video\"><video height=\"540\" style=\"aspect-ratio: 960 \/ 540;\" width=\"960\" controls poster=\"https:\/\/www.gruene-ov-stuttgart.de\/weilimdorf\/wp-content\/uploads\/2020\/08\/D50C65E1-054E-413E-929B-5F91B8FC9777.jpeg\" src=\"https:\/\/www.gruene-ov-stuttgart.de\/weilimdorf\/wp-content\/uploads\/2020\/08\/IMG_6422.mov\"><\/video><figcaption>Ringelnatter auf der Jagd<\/figcaption><\/figure>\n\n\n\n<div style=\"height:100px\" aria-hidden=\"true\" class=\"wp-block-spacer\"><\/div>\n\n\n\n<figure class=\"wp-block-gallery columns-3 is-cropped wp-block-gallery-1 is-layout-flex wp-block-gallery-is-layout-flex\"><ul class=\"blocks-gallery-grid\"><li class=\"blocks-gallery-item\"><figure><img loading=\"lazy\" decoding=\"async\" width=\"674\" height=\"1200\" src=\"https:\/\/www.gruene-ov-stuttgart.de\/weilimdorf\/wp-content\/uploads\/2020\/07\/P1030692-674x1200.jpg\" alt=\"\" data-id=\"631\" data-link=\"https:\/\/www.gruene-ov-stuttgart.de\/weilimdorf\/flora-fauna\/p1030692\/\" class=\"wp-image-631\" srcset=\"https:\/\/www.gruene-ov-stuttgart.de\/weilimdorf\/wp-content\/uploads\/2020\/07\/P1030692-674x1200.jpg 674w, https:\/\/www.gruene-ov-stuttgart.de\/weilimdorf\/wp-content\/uploads\/2020\/07\/P1030692-337x600.jpg 337w, https:\/\/www.gruene-ov-stuttgart.de\/weilimdorf\/wp-content\/uploads\/2020\/07\/P1030692-768x1367.jpg 768w, https:\/\/www.gruene-ov-stuttgart.de\/weilimdorf\/wp-content\/uploads\/2020\/07\/P1030692-863x1536.jpg 863w, https:\/\/www.gruene-ov-stuttgart.de\/weilimdorf\/wp-content\/uploads\/2020\/07\/P1030692-1151x2048.jpg 1151w, https:\/\/www.gruene-ov-stuttgart.de\/weilimdorf\/wp-content\/uploads\/2020\/07\/P1030692-84x150.jpg 84w, https:\/\/www.gruene-ov-stuttgart.de\/weilimdorf\/wp-content\/uploads\/2020\/07\/P1030692-scaled.jpg 1439w\" sizes=\"auto, (max-width: 674px) 100vw, 674px\" \/><\/figure><\/li><li class=\"blocks-gallery-item\"><figure><img loading=\"lazy\" decoding=\"async\" width=\"674\" height=\"1200\" src=\"https:\/\/www.gruene-ov-stuttgart.de\/weilimdorf\/wp-content\/uploads\/2020\/07\/P1030694-674x1200.jpg\" alt=\"\" data-id=\"632\" data-link=\"https:\/\/www.gruene-ov-stuttgart.de\/weilimdorf\/flora-fauna\/p1030694\/\" class=\"wp-image-632\" srcset=\"https:\/\/www.gruene-ov-stuttgart.de\/weilimdorf\/wp-content\/uploads\/2020\/07\/P1030694-674x1200.jpg 674w, https:\/\/www.gruene-ov-stuttgart.de\/weilimdorf\/wp-content\/uploads\/2020\/07\/P1030694-337x600.jpg 337w, https:\/\/www.gruene-ov-stuttgart.de\/weilimdorf\/wp-content\/uploads\/2020\/07\/P1030694-768x1367.jpg 768w, https:\/\/www.gruene-ov-stuttgart.de\/weilimdorf\/wp-content\/uploads\/2020\/07\/P1030694-863x1536.jpg 863w, https:\/\/www.gruene-ov-stuttgart.de\/weilimdorf\/wp-content\/uploads\/2020\/07\/P1030694-1151x2048.jpg 1151w, https:\/\/www.gruene-ov-stuttgart.de\/weilimdorf\/wp-content\/uploads\/2020\/07\/P1030694-84x150.jpg 84w, https:\/\/www.gruene-ov-stuttgart.de\/weilimdorf\/wp-content\/uploads\/2020\/07\/P1030694-scaled.jpg 1439w\" sizes=\"auto, (max-width: 674px) 100vw, 674px\" \/><\/figure><\/li><li class=\"blocks-gallery-item\"><figure><img loading=\"lazy\" decoding=\"async\" width=\"800\" height=\"600\" src=\"https:\/\/www.gruene-ov-stuttgart.de\/weilimdorf\/wp-content\/uploads\/2020\/07\/IMG_3455-800x600.jpg\" alt=\"\" data-id=\"633\" data-full-url=\"https:\/\/www.gruene-ov-stuttgart.de\/weilimdorf\/wp-content\/uploads\/2020\/07\/IMG_3455-scaled.jpg\" data-link=\"https:\/\/www.gruene-ov-stuttgart.de\/weilimdorf\/flora-fauna\/img_3455\/\" class=\"wp-image-633\" srcset=\"https:\/\/www.gruene-ov-stuttgart.de\/weilimdorf\/wp-content\/uploads\/2020\/07\/IMG_3455-800x600.jpg 800w, https:\/\/www.gruene-ov-stuttgart.de\/weilimdorf\/wp-content\/uploads\/2020\/07\/IMG_3455-400x300.jpg 400w, https:\/\/www.gruene-ov-stuttgart.de\/weilimdorf\/wp-content\/uploads\/2020\/07\/IMG_3455-768x576.jpg 768w, https:\/\/www.gruene-ov-stuttgart.de\/weilimdorf\/wp-content\/uploads\/2020\/07\/IMG_3455-1536x1152.jpg 1536w, https:\/\/www.gruene-ov-stuttgart.de\/weilimdorf\/wp-content\/uploads\/2020\/07\/IMG_3455-2048x1536.jpg 2048w, https:\/\/www.gruene-ov-stuttgart.de\/weilimdorf\/wp-content\/uploads\/2020\/07\/IMG_3455-150x113.jpg 150w\" sizes=\"auto, (max-width: 800px) 100vw, 800px\" \/><\/figure><\/li><li class=\"blocks-gallery-item\"><figure><img loading=\"lazy\" decoding=\"async\" width=\"800\" height=\"450\" src=\"https:\/\/www.gruene-ov-stuttgart.de\/weilimdorf\/wp-content\/uploads\/2020\/07\/P1030689-800x450.jpg\" alt=\"\" data-id=\"629\" data-link=\"https:\/\/www.gruene-ov-stuttgart.de\/weilimdorf\/flora-fauna\/p1030689\/\" class=\"wp-image-629\" srcset=\"https:\/\/www.gruene-ov-stuttgart.de\/weilimdorf\/wp-content\/uploads\/2020\/07\/P1030689-800x450.jpg 800w, https:\/\/www.gruene-ov-stuttgart.de\/weilimdorf\/wp-content\/uploads\/2020\/07\/P1030689-400x225.jpg 400w, https:\/\/www.gruene-ov-stuttgart.de\/weilimdorf\/wp-content\/uploads\/2020\/07\/P1030689-768x432.jpg 768w, https:\/\/www.gruene-ov-stuttgart.de\/weilimdorf\/wp-content\/uploads\/2020\/07\/P1030689-1536x863.jpg 1536w, https:\/\/www.gruene-ov-stuttgart.de\/weilimdorf\/wp-content\/uploads\/2020\/07\/P1030689-2048x1151.jpg 2048w, https:\/\/www.gruene-ov-stuttgart.de\/weilimdorf\/wp-content\/uploads\/2020\/07\/P1030689-150x84.jpg 150w\" sizes=\"auto, (max-width: 800px) 100vw, 800px\" \/><\/figure><\/li><\/ul><\/figure>\n\n\n\n<figure class=\"wp-block-gallery columns-2 is-cropped wp-block-gallery-2 is-layout-flex wp-block-gallery-is-layout-flex\"><ul class=\"blocks-gallery-grid\"><li class=\"blocks-gallery-item\"><figure><img loading=\"lazy\" decoding=\"async\" width=\"800\" height=\"600\" src=\"https:\/\/www.gruene-ov-stuttgart.de\/weilimdorf\/wp-content\/uploads\/2020\/07\/Bluete_lila-800x600.jpg\" alt=\"\" data-id=\"635\" data-link=\"https:\/\/www.gruene-ov-stuttgart.de\/weilimdorf\/flora-fauna\/bluete_lila\/\" class=\"wp-image-635\" srcset=\"https:\/\/www.gruene-ov-stuttgart.de\/weilimdorf\/wp-content\/uploads\/2020\/07\/Bluete_lila-800x600.jpg 800w, https:\/\/www.gruene-ov-stuttgart.de\/weilimdorf\/wp-content\/uploads\/2020\/07\/Bluete_lila-400x300.jpg 400w, https:\/\/www.gruene-ov-stuttgart.de\/weilimdorf\/wp-content\/uploads\/2020\/07\/Bluete_lila-768x576.jpg 768w, https:\/\/www.gruene-ov-stuttgart.de\/weilimdorf\/wp-content\/uploads\/2020\/07\/Bluete_lila-1536x1152.jpg 1536w, https:\/\/www.gruene-ov-stuttgart.de\/weilimdorf\/wp-content\/uploads\/2020\/07\/Bluete_lila-2048x1536.jpg 2048w, https:\/\/www.gruene-ov-stuttgart.de\/weilimdorf\/wp-content\/uploads\/2020\/07\/Bluete_lila-150x113.jpg 150w\" sizes=\"auto, (max-width: 800px) 100vw, 800px\" \/><\/figure><\/li><li class=\"blocks-gallery-item\"><figure><img loading=\"lazy\" decoding=\"async\" width=\"800\" height=\"450\" src=\"https:\/\/www.gruene-ov-stuttgart.de\/weilimdorf\/wp-content\/uploads\/2020\/07\/P1030695-800x450.jpg\" alt=\"\" data-id=\"636\" data-link=\"https:\/\/www.gruene-ov-stuttgart.de\/weilimdorf\/flora-fauna\/p1030695\/\" class=\"wp-image-636\" srcset=\"https:\/\/www.gruene-ov-stuttgart.de\/weilimdorf\/wp-content\/uploads\/2020\/07\/P1030695-800x450.jpg 800w, https:\/\/www.gruene-ov-stuttgart.de\/weilimdorf\/wp-content\/uploads\/2020\/07\/P1030695-400x225.jpg 400w, https:\/\/www.gruene-ov-stuttgart.de\/weilimdorf\/wp-content\/uploads\/2020\/07\/P1030695-768x432.jpg 768w, https:\/\/www.gruene-ov-stuttgart.de\/weilimdorf\/wp-content\/uploads\/2020\/07\/P1030695-1536x863.jpg 1536w, https:\/\/www.gruene-ov-stuttgart.de\/weilimdorf\/wp-content\/uploads\/2020\/07\/P1030695-2048x1151.jpg 2048w, https:\/\/www.gruene-ov-stuttgart.de\/weilimdorf\/wp-content\/uploads\/2020\/07\/P1030695-150x84.jpg 150w\" sizes=\"auto, (max-width: 800px) 100vw, 800px\" \/><\/figure><\/li><li class=\"blocks-gallery-item\"><figure><img loading=\"lazy\" decoding=\"async\" width=\"800\" height=\"600\" src=\"https:\/\/www.gruene-ov-stuttgart.de\/weilimdorf\/wp-content\/uploads\/2020\/07\/Hummel_auf_Distel-800x600.jpg\" alt=\"\" data-id=\"634\" data-link=\"https:\/\/www.gruene-ov-stuttgart.de\/weilimdorf\/flora-fauna\/hummel_auf_distel\/\" class=\"wp-image-634\" srcset=\"https:\/\/www.gruene-ov-stuttgart.de\/weilimdorf\/wp-content\/uploads\/2020\/07\/Hummel_auf_Distel-800x600.jpg 800w, https:\/\/www.gruene-ov-stuttgart.de\/weilimdorf\/wp-content\/uploads\/2020\/07\/Hummel_auf_Distel-400x300.jpg 400w, https:\/\/www.gruene-ov-stuttgart.de\/weilimdorf\/wp-content\/uploads\/2020\/07\/Hummel_auf_Distel-768x576.jpg 768w, https:\/\/www.gruene-ov-stuttgart.de\/weilimdorf\/wp-content\/uploads\/2020\/07\/Hummel_auf_Distel-1536x1152.jpg 1536w, https:\/\/www.gruene-ov-stuttgart.de\/weilimdorf\/wp-content\/uploads\/2020\/07\/Hummel_auf_Distel-2048x1536.jpg 2048w, https:\/\/www.gruene-ov-stuttgart.de\/weilimdorf\/wp-content\/uploads\/2020\/07\/Hummel_auf_Distel-150x113.jpg 150w\" sizes=\"auto, (max-width: 800px) 100vw, 800px\" \/><\/figure><\/li><li class=\"blocks-gallery-item\"><figure><img loading=\"lazy\" decoding=\"async\" width=\"800\" height=\"800\" src=\"https:\/\/www.gruene-ov-stuttgart.de\/weilimdorf\/wp-content\/uploads\/2021\/02\/8D2B63FF-DFD8-470C-B82E-B4EE64C30529-800x800.jpeg\" alt=\"\" data-id=\"1645\" data-full-url=\"https:\/\/www.gruene-ov-stuttgart.de\/weilimdorf\/wp-content\/uploads\/2021\/02\/8D2B63FF-DFD8-470C-B82E-B4EE64C30529.jpeg\" data-link=\"https:\/\/www.gruene-ov-stuttgart.de\/weilimdorf\/flora-fauna\/8d2b63ff-dfd8-470c-b82e-b4ee64c30529\/\" class=\"wp-image-1645\" srcset=\"https:\/\/www.gruene-ov-stuttgart.de\/weilimdorf\/wp-content\/uploads\/2021\/02\/8D2B63FF-DFD8-470C-B82E-B4EE64C30529-800x800.jpeg 800w, https:\/\/www.gruene-ov-stuttgart.de\/weilimdorf\/wp-content\/uploads\/2021\/02\/8D2B63FF-DFD8-470C-B82E-B4EE64C30529-400x400.jpeg 400w, https:\/\/www.gruene-ov-stuttgart.de\/weilimdorf\/wp-content\/uploads\/2021\/02\/8D2B63FF-DFD8-470C-B82E-B4EE64C30529-150x150.jpeg 150w, https:\/\/www.gruene-ov-stuttgart.de\/weilimdorf\/wp-content\/uploads\/2021\/02\/8D2B63FF-DFD8-470C-B82E-B4EE64C30529-768x768.jpeg 768w, https:\/\/www.gruene-ov-stuttgart.de\/weilimdorf\/wp-content\/uploads\/2021\/02\/8D2B63FF-DFD8-470C-B82E-B4EE64C30529-1536x1536.jpeg 1536w, https:\/\/www.gruene-ov-stuttgart.de\/weilimdorf\/wp-content\/uploads\/2021\/02\/8D2B63FF-DFD8-470C-B82E-B4EE64C30529.jpeg 1961w\" sizes=\"auto, (max-width: 800px) 100vw, 800px\" \/><\/figure><\/li><\/ul><\/figure>\n\n\n\n<div style=\"height:100px\" aria-hidden=\"true\" class=\"wp-block-spacer\"><\/div>\n\n\n\n<figure class=\"wp-block-video\"><video height=\"360\" style=\"aspect-ratio: 640 \/ 360;\" width=\"640\" controls poster=\"https:\/\/www.gruene-ov-stuttgart.de\/weilimdorf\/wp-content\/uploads\/2020\/07\/6D7DC04F-4996-471C-855E-F829871249C6.jpeg\" src=\"https:\/\/www.gruene-ov-stuttgart.de\/weilimdorf\/wp-content\/uploads\/2020\/07\/IMG_6330.mov\"><\/video><\/figure>\n\n\n\n<div style=\"height:100px\" aria-hidden=\"true\" class=\"wp-block-spacer\"><\/div>\n\n\n\n<figure class=\"wp-block-video\"><video height=\"480\" style=\"aspect-ratio: 640 \/ 480;\" width=\"640\" controls poster=\"https:\/\/www.gruene-ov-stuttgart.de\/weilimdorf\/wp-content\/uploads\/2020\/06\/DF966F53-2503-464F-A376-197E8D632527.jpeg\" src=\"https:\/\/www.gruene-ov-stuttgart.de\/weilimdorf\/wp-content\/uploads\/2020\/06\/IMG_3407.mp4\"><\/video><figcaption>Bergmolche beim Flirten<br><\/figcaption><\/figure>\n\n\n\n<div style=\"height:100px\" aria-hidden=\"true\" class=\"wp-block-spacer\"><\/div>\n\n\n\n<figure class=\"wp-block-gallery aligncenter columns-2 is-cropped wp-block-gallery-3 is-layout-flex wp-block-gallery-is-layout-flex\"><ul class=\"blocks-gallery-grid\"><li class=\"blocks-gallery-item\"><figure><img loading=\"lazy\" decoding=\"async\" width=\"800\" height=\"483\" src=\"https:\/\/www.gruene-ov-stuttgart.de\/weilimdorf\/wp-content\/uploads\/2020\/06\/IMG_0026-800x483.jpg\" alt=\"\" data-id=\"138\" data-full-url=\"https:\/\/www.gruene-ov-stuttgart.de\/weilimdorf\/wp-content\/uploads\/2020\/06\/IMG_0026.jpg\" data-link=\"https:\/\/www.gruene-ov-stuttgart.de\/weilimdorf\/flora-fauna\/img_0026\/\" class=\"wp-image-138\" srcset=\"https:\/\/www.gruene-ov-stuttgart.de\/weilimdorf\/wp-content\/uploads\/2020\/06\/IMG_0026-800x483.jpg 800w, https:\/\/www.gruene-ov-stuttgart.de\/weilimdorf\/wp-content\/uploads\/2020\/06\/IMG_0026-400x242.jpg 400w, https:\/\/www.gruene-ov-stuttgart.de\/weilimdorf\/wp-content\/uploads\/2020\/06\/IMG_0026-768x464.jpg 768w, https:\/\/www.gruene-ov-stuttgart.de\/weilimdorf\/wp-content\/uploads\/2020\/06\/IMG_0026-1536x928.jpg 1536w, https:\/\/www.gruene-ov-stuttgart.de\/weilimdorf\/wp-content\/uploads\/2020\/06\/IMG_0026-150x91.jpg 150w, https:\/\/www.gruene-ov-stuttgart.de\/weilimdorf\/wp-content\/uploads\/2020\/06\/IMG_0026.jpg 1586w\" sizes=\"auto, (max-width: 800px) 100vw, 800px\" \/><figcaption class=\"blocks-gallery-item__caption\">Libelle beim Ausschl\u00fcpfen<\/figcaption><\/figure><\/li><li class=\"blocks-gallery-item\"><figure><img loading=\"lazy\" decoding=\"async\" width=\"800\" height=\"1068\" src=\"https:\/\/www.gruene-ov-stuttgart.de\/weilimdorf\/wp-content\/uploads\/2020\/06\/IMG_0024-800x1068.jpg\" alt=\"\" data-id=\"139\" data-full-url=\"https:\/\/www.gruene-ov-stuttgart.de\/weilimdorf\/wp-content\/uploads\/2020\/06\/IMG_0024.jpg\" data-link=\"https:\/\/www.gruene-ov-stuttgart.de\/weilimdorf\/flora-fauna\/img_0024\/\" class=\"wp-image-139\" srcset=\"https:\/\/www.gruene-ov-stuttgart.de\/weilimdorf\/wp-content\/uploads\/2020\/06\/IMG_0024-800x1068.jpg 800w, https:\/\/www.gruene-ov-stuttgart.de\/weilimdorf\/wp-content\/uploads\/2020\/06\/IMG_0024-400x534.jpg 400w, https:\/\/www.gruene-ov-stuttgart.de\/weilimdorf\/wp-content\/uploads\/2020\/06\/IMG_0024-768x1025.jpg 768w, https:\/\/www.gruene-ov-stuttgart.de\/weilimdorf\/wp-content\/uploads\/2020\/06\/IMG_0024-112x150.jpg 112w, https:\/\/www.gruene-ov-stuttgart.de\/weilimdorf\/wp-content\/uploads\/2020\/06\/IMG_0024.jpg 825w\" sizes=\"auto, (max-width: 800px) 100vw, 800px\" \/><figcaption class=\"blocks-gallery-item__caption\">Libelle ausgeschl\u00fcpft<\/figcaption><\/figure><\/li><li class=\"blocks-gallery-item\"><figure><img loading=\"lazy\" decoding=\"async\" width=\"800\" height=\"600\" src=\"https:\/\/www.gruene-ov-stuttgart.de\/weilimdorf\/wp-content\/uploads\/2020\/07\/P1030314-800x600.jpg\" alt=\"\" data-id=\"617\" data-full-url=\"https:\/\/www.gruene-ov-stuttgart.de\/weilimdorf\/wp-content\/uploads\/2020\/07\/P1030314.jpg\" data-link=\"https:\/\/www.gruene-ov-stuttgart.de\/weilimdorf\/p1030314\/\" class=\"wp-image-617\" srcset=\"https:\/\/www.gruene-ov-stuttgart.de\/weilimdorf\/wp-content\/uploads\/2020\/07\/P1030314-800x600.jpg 800w, https:\/\/www.gruene-ov-stuttgart.de\/weilimdorf\/wp-content\/uploads\/2020\/07\/P1030314-400x300.jpg 400w, https:\/\/www.gruene-ov-stuttgart.de\/weilimdorf\/wp-content\/uploads\/2020\/07\/P1030314-768x576.jpg 768w, https:\/\/www.gruene-ov-stuttgart.de\/weilimdorf\/wp-content\/uploads\/2020\/07\/P1030314-1536x1152.jpg 1536w, https:\/\/www.gruene-ov-stuttgart.de\/weilimdorf\/wp-content\/uploads\/2020\/07\/P1030314-2048x1536.jpg 2048w, https:\/\/www.gruene-ov-stuttgart.de\/weilimdorf\/wp-content\/uploads\/2020\/07\/P1030314-150x113.jpg 150w\" sizes=\"auto, (max-width: 800px) 100vw, 800px\" \/><\/figure><\/li><\/ul><\/figure>\n\n\n\n<div style=\"height:100px\" aria-hidden=\"true\" class=\"wp-block-spacer\"><\/div>\n\n\n\n<figure class=\"wp-block-video\"><video height=\"360\" style=\"aspect-ratio: 640 \/ 360;\" width=\"640\" controls poster=\"https:\/\/www.gruene-ov-stuttgart.de\/weilimdorf\/wp-content\/uploads\/2020\/06\/020C86FE-8660-4FB6-BAEB-DA9167F99ACF.jpeg\" src=\"https:\/\/www.gruene-ov-stuttgart.de\/weilimdorf\/wp-content\/uploads\/2020\/06\/Insekten-Ekstase_im_Waldgeissbart.mov\"><\/video><figcaption>Insekten-Ekstase: der Waldgei\u00dfbart bl\u00fcht!<br><\/figcaption><\/figure>\n\n\n\n<div style=\"height:100px\" aria-hidden=\"true\" class=\"wp-block-spacer\"><\/div>\n\n\n\n<div style=\"height:20px\" aria-hidden=\"true\" class=\"wp-block-spacer\"><\/div>\n\n\n\n<figure class=\"wp-block-gallery aligncenter columns-2 is-cropped wp-block-gallery-4 is-layout-flex wp-block-gallery-is-layout-flex\"><ul class=\"blocks-gallery-grid\"><li class=\"blocks-gallery-item\"><figure><img loading=\"lazy\" decoding=\"async\" width=\"400\" height=\"300\" src=\"https:\/\/www.gruene-ov-stuttgart.de\/weilimdorf\/wp-content\/uploads\/2020\/06\/P1030340-400x300.jpg\" alt=\"\" data-id=\"427\" data-link=\"https:\/\/www.gruene-ov-stuttgart.de\/weilimdorf\/flora-fauna\/p1030340\/\" class=\"wp-image-427\" srcset=\"https:\/\/www.gruene-ov-stuttgart.de\/weilimdorf\/wp-content\/uploads\/2020\/06\/P1030340-400x300.jpg 400w, https:\/\/www.gruene-ov-stuttgart.de\/weilimdorf\/wp-content\/uploads\/2020\/06\/P1030340-800x600.jpg 800w, https:\/\/www.gruene-ov-stuttgart.de\/weilimdorf\/wp-content\/uploads\/2020\/06\/P1030340-768x576.jpg 768w, https:\/\/www.gruene-ov-stuttgart.de\/weilimdorf\/wp-content\/uploads\/2020\/06\/P1030340-1536x1152.jpg 1536w, https:\/\/www.gruene-ov-stuttgart.de\/weilimdorf\/wp-content\/uploads\/2020\/06\/P1030340-2048x1536.jpg 2048w, https:\/\/www.gruene-ov-stuttgart.de\/weilimdorf\/wp-content\/uploads\/2020\/06\/P1030340-150x113.jpg 150w\" sizes=\"auto, (max-width: 400px) 100vw, 400px\" \/><\/figure><\/li><li class=\"blocks-gallery-item\"><figure><img loading=\"lazy\" decoding=\"async\" width=\"400\" height=\"300\" src=\"https:\/\/www.gruene-ov-stuttgart.de\/weilimdorf\/wp-content\/uploads\/2020\/06\/Erdkroete-400x300.jpg\" alt=\"\" data-id=\"426\" data-link=\"https:\/\/www.gruene-ov-stuttgart.de\/weilimdorf\/flora-fauna\/erdkroete\/\" class=\"wp-image-426\" srcset=\"https:\/\/www.gruene-ov-stuttgart.de\/weilimdorf\/wp-content\/uploads\/2020\/06\/Erdkroete-400x300.jpg 400w, https:\/\/www.gruene-ov-stuttgart.de\/weilimdorf\/wp-content\/uploads\/2020\/06\/Erdkroete-800x600.jpg 800w, https:\/\/www.gruene-ov-stuttgart.de\/weilimdorf\/wp-content\/uploads\/2020\/06\/Erdkroete-768x576.jpg 768w, https:\/\/www.gruene-ov-stuttgart.de\/weilimdorf\/wp-content\/uploads\/2020\/06\/Erdkroete-1536x1152.jpg 1536w, https:\/\/www.gruene-ov-stuttgart.de\/weilimdorf\/wp-content\/uploads\/2020\/06\/Erdkroete-2048x1536.jpg 2048w, https:\/\/www.gruene-ov-stuttgart.de\/weilimdorf\/wp-content\/uploads\/2020\/06\/Erdkroete-150x113.jpg 150w\" sizes=\"auto, (max-width: 400px) 100vw, 400px\" \/><\/figure><\/li><li class=\"blocks-gallery-item\"><figure><img loading=\"lazy\" decoding=\"async\" width=\"400\" height=\"300\" src=\"https:\/\/www.gruene-ov-stuttgart.de\/weilimdorf\/wp-content\/uploads\/2020\/06\/P1030468-400x300.jpg\" alt=\"\" data-id=\"428\" data-link=\"https:\/\/www.gruene-ov-stuttgart.de\/weilimdorf\/flora-fauna\/p1030468\/\" class=\"wp-image-428\" srcset=\"https:\/\/www.gruene-ov-stuttgart.de\/weilimdorf\/wp-content\/uploads\/2020\/06\/P1030468-400x300.jpg 400w, https:\/\/www.gruene-ov-stuttgart.de\/weilimdorf\/wp-content\/uploads\/2020\/06\/P1030468-800x600.jpg 800w, https:\/\/www.gruene-ov-stuttgart.de\/weilimdorf\/wp-content\/uploads\/2020\/06\/P1030468-768x576.jpg 768w, https:\/\/www.gruene-ov-stuttgart.de\/weilimdorf\/wp-content\/uploads\/2020\/06\/P1030468-1536x1152.jpg 1536w, https:\/\/www.gruene-ov-stuttgart.de\/weilimdorf\/wp-content\/uploads\/2020\/06\/P1030468-2048x1536.jpg 2048w, https:\/\/www.gruene-ov-stuttgart.de\/weilimdorf\/wp-content\/uploads\/2020\/06\/P1030468-150x113.jpg 150w\" sizes=\"auto, (max-width: 400px) 100vw, 400px\" \/><\/figure><\/li><li class=\"blocks-gallery-item\"><figure><img loading=\"lazy\" decoding=\"async\" width=\"400\" height=\"300\" src=\"https:\/\/www.gruene-ov-stuttgart.de\/weilimdorf\/wp-content\/uploads\/2020\/06\/Ringelnatter_kleiner-400x300.jpg\" alt=\"\" data-id=\"457\" data-link=\"https:\/\/www.gruene-ov-stuttgart.de\/weilimdorf\/flora-fauna\/ringelnatter_kleiner\/\" class=\"wp-image-457\" srcset=\"https:\/\/www.gruene-ov-stuttgart.de\/weilimdorf\/wp-content\/uploads\/2020\/06\/Ringelnatter_kleiner-400x300.jpg 400w, https:\/\/www.gruene-ov-stuttgart.de\/weilimdorf\/wp-content\/uploads\/2020\/06\/Ringelnatter_kleiner-800x600.jpg 800w, https:\/\/www.gruene-ov-stuttgart.de\/weilimdorf\/wp-content\/uploads\/2020\/06\/Ringelnatter_kleiner-768x576.jpg 768w, https:\/\/www.gruene-ov-stuttgart.de\/weilimdorf\/wp-content\/uploads\/2020\/06\/Ringelnatter_kleiner-1536x1152.jpg 1536w, https:\/\/www.gruene-ov-stuttgart.de\/weilimdorf\/wp-content\/uploads\/2020\/06\/Ringelnatter_kleiner-150x113.jpg 150w, https:\/\/www.gruene-ov-stuttgart.de\/weilimdorf\/wp-content\/uploads\/2020\/06\/Ringelnatter_kleiner.jpg 1632w\" sizes=\"auto, (max-width: 400px) 100vw, 400px\" \/><\/figure><\/li><\/ul><\/figure>\n\n\n\n<div style=\"height:100px\" aria-hidden=\"true\" class=\"wp-block-spacer\"><\/div>\n\n\n\n<div style=\"height:54px\" aria-hidden=\"true\" class=\"wp-block-spacer\"><\/div>\n\n\n\n<figure class=\"wp-block-video\"><video height=\"320\" style=\"aspect-ratio: 568 \/ 320;\" width=\"568\" controls poster=\"https:\/\/www.gruene-ov-stuttgart.de\/weilimdorf\/wp-content\/uploads\/2020\/06\/36F646B4-1B8C-4199-B444-5361D491C7EB.jpeg\" src=\"https:\/\/www.gruene-ov-stuttgart.de\/weilimdorf\/wp-content\/uploads\/2020\/06\/trim.E7A3F977-4686-4BEB-BAA9-1F3EAD0E5DF5.mov\"><\/video><figcaption>Wildbienen beim Brutgesch\u00e4ft<\/figcaption><\/figure>\n\n\n\n<div style=\"height:100px\" aria-hidden=\"true\" class=\"wp-block-spacer\"><\/div>\n\n\n\n<figure class=\"wp-block-gallery columns-3 is-cropped wp-block-gallery-5 is-layout-flex wp-block-gallery-is-layout-flex\"><ul class=\"blocks-gallery-grid\"><li class=\"blocks-gallery-item\"><figure><img loading=\"lazy\" decoding=\"async\" width=\"400\" height=\"533\" src=\"https:\/\/www.gruene-ov-stuttgart.de\/weilimdorf\/wp-content\/uploads\/2020\/06\/IMG_5743-400x533.jpg\" alt=\"\" data-id=\"414\" data-link=\"https:\/\/www.gruene-ov-stuttgart.de\/weilimdorf\/flora-fauna\/img_5743\/\" class=\"wp-image-414\" srcset=\"https:\/\/www.gruene-ov-stuttgart.de\/weilimdorf\/wp-content\/uploads\/2020\/06\/IMG_5743-400x533.jpg 400w, https:\/\/www.gruene-ov-stuttgart.de\/weilimdorf\/wp-content\/uploads\/2020\/06\/IMG_5743-800x1067.jpg 800w, https:\/\/www.gruene-ov-stuttgart.de\/weilimdorf\/wp-content\/uploads\/2020\/06\/IMG_5743-768x1024.jpg 768w, https:\/\/www.gruene-ov-stuttgart.de\/weilimdorf\/wp-content\/uploads\/2020\/06\/IMG_5743-1152x1536.jpg 1152w, https:\/\/www.gruene-ov-stuttgart.de\/weilimdorf\/wp-content\/uploads\/2020\/06\/IMG_5743-1536x2048.jpg 1536w, https:\/\/www.gruene-ov-stuttgart.de\/weilimdorf\/wp-content\/uploads\/2020\/06\/IMG_5743-113x150.jpg 113w, https:\/\/www.gruene-ov-stuttgart.de\/weilimdorf\/wp-content\/uploads\/2020\/06\/IMG_5743-scaled.jpg 1920w\" sizes=\"auto, (max-width: 400px) 100vw, 400px\" \/><\/figure><\/li><li class=\"blocks-gallery-item\"><figure><img loading=\"lazy\" decoding=\"async\" width=\"400\" height=\"300\" src=\"https:\/\/www.gruene-ov-stuttgart.de\/weilimdorf\/wp-content\/uploads\/2020\/06\/IMG_3153-400x300.jpg\" alt=\"\" data-id=\"412\" data-link=\"https:\/\/www.gruene-ov-stuttgart.de\/weilimdorf\/flora-fauna\/img_3153\/\" class=\"wp-image-412\" srcset=\"https:\/\/www.gruene-ov-stuttgart.de\/weilimdorf\/wp-content\/uploads\/2020\/06\/IMG_3153-400x300.jpg 400w, https:\/\/www.gruene-ov-stuttgart.de\/weilimdorf\/wp-content\/uploads\/2020\/06\/IMG_3153-800x600.jpg 800w, https:\/\/www.gruene-ov-stuttgart.de\/weilimdorf\/wp-content\/uploads\/2020\/06\/IMG_3153-768x576.jpg 768w, https:\/\/www.gruene-ov-stuttgart.de\/weilimdorf\/wp-content\/uploads\/2020\/06\/IMG_3153-1536x1152.jpg 1536w, https:\/\/www.gruene-ov-stuttgart.de\/weilimdorf\/wp-content\/uploads\/2020\/06\/IMG_3153-2048x1536.jpg 2048w, https:\/\/www.gruene-ov-stuttgart.de\/weilimdorf\/wp-content\/uploads\/2020\/06\/IMG_3153-150x113.jpg 150w\" sizes=\"auto, (max-width: 400px) 100vw, 400px\" \/><\/figure><\/li><li class=\"blocks-gallery-item\"><figure><img loading=\"lazy\" decoding=\"async\" width=\"400\" height=\"571\" src=\"https:\/\/www.gruene-ov-stuttgart.de\/weilimdorf\/wp-content\/uploads\/2020\/06\/IMG_4123-400x571.jpg\" alt=\"\" data-id=\"413\" data-link=\"https:\/\/www.gruene-ov-stuttgart.de\/weilimdorf\/flora-fauna\/img_4123\/\" class=\"wp-image-413\" srcset=\"https:\/\/www.gruene-ov-stuttgart.de\/weilimdorf\/wp-content\/uploads\/2020\/06\/IMG_4123-400x571.jpg 400w, https:\/\/www.gruene-ov-stuttgart.de\/weilimdorf\/wp-content\/uploads\/2020\/06\/IMG_4123-105x150.jpg 105w, https:\/\/www.gruene-ov-stuttgart.de\/weilimdorf\/wp-content\/uploads\/2020\/06\/IMG_4123.jpg 714w\" sizes=\"auto, (max-width: 400px) 100vw, 400px\" \/><\/figure><\/li><li class=\"blocks-gallery-item\"><figure><img loading=\"lazy\" decoding=\"async\" width=\"400\" height=\"314\" src=\"https:\/\/www.gruene-ov-stuttgart.de\/weilimdorf\/wp-content\/uploads\/2020\/06\/IMG_4121-400x314.jpg\" alt=\"\" data-id=\"419\" data-link=\"https:\/\/www.gruene-ov-stuttgart.de\/weilimdorf\/flora-fauna\/img_4121\/\" class=\"wp-image-419\" srcset=\"https:\/\/www.gruene-ov-stuttgart.de\/weilimdorf\/wp-content\/uploads\/2020\/06\/IMG_4121-400x314.jpg 400w, https:\/\/www.gruene-ov-stuttgart.de\/weilimdorf\/wp-content\/uploads\/2020\/06\/IMG_4121-800x628.jpg 800w, https:\/\/www.gruene-ov-stuttgart.de\/weilimdorf\/wp-content\/uploads\/2020\/06\/IMG_4121-768x603.jpg 768w, https:\/\/www.gruene-ov-stuttgart.de\/weilimdorf\/wp-content\/uploads\/2020\/06\/IMG_4121-1536x1206.jpg 1536w, https:\/\/www.gruene-ov-stuttgart.de\/weilimdorf\/wp-content\/uploads\/2020\/06\/IMG_4121-2048x1608.jpg 2048w, https:\/\/www.gruene-ov-stuttgart.de\/weilimdorf\/wp-content\/uploads\/2020\/06\/IMG_4121-150x118.jpg 150w\" sizes=\"auto, (max-width: 400px) 100vw, 400px\" \/><\/figure><\/li><li class=\"blocks-gallery-item\"><figure><img loading=\"lazy\" decoding=\"async\" width=\"400\" height=\"533\" src=\"https:\/\/www.gruene-ov-stuttgart.de\/weilimdorf\/wp-content\/uploads\/2020\/06\/Russischer_Baer-400x533.jpg\" alt=\"\" data-id=\"418\" data-link=\"https:\/\/www.gruene-ov-stuttgart.de\/weilimdorf\/flora-fauna\/russischer_baer\/\" class=\"wp-image-418\" srcset=\"https:\/\/www.gruene-ov-stuttgart.de\/weilimdorf\/wp-content\/uploads\/2020\/06\/Russischer_Baer-400x533.jpg 400w, https:\/\/www.gruene-ov-stuttgart.de\/weilimdorf\/wp-content\/uploads\/2020\/06\/Russischer_Baer-800x1067.jpg 800w, https:\/\/www.gruene-ov-stuttgart.de\/weilimdorf\/wp-content\/uploads\/2020\/06\/Russischer_Baer-768x1024.jpg 768w, https:\/\/www.gruene-ov-stuttgart.de\/weilimdorf\/wp-content\/uploads\/2020\/06\/Russischer_Baer-1152x1536.jpg 1152w, https:\/\/www.gruene-ov-stuttgart.de\/weilimdorf\/wp-content\/uploads\/2020\/06\/Russischer_Baer-1536x2048.jpg 1536w, https:\/\/www.gruene-ov-stuttgart.de\/weilimdorf\/wp-content\/uploads\/2020\/06\/Russischer_Baer-112x150.jpg 112w, https:\/\/www.gruene-ov-stuttgart.de\/weilimdorf\/wp-content\/uploads\/2020\/06\/Russischer_Baer-scaled.jpg 1920w\" sizes=\"auto, (max-width: 400px) 100vw, 400px\" \/><\/figure><\/li><li class=\"blocks-gallery-item\"><figure><img loading=\"lazy\" decoding=\"async\" width=\"400\" height=\"533\" src=\"https:\/\/www.gruene-ov-stuttgart.de\/weilimdorf\/wp-content\/uploads\/2020\/07\/11E76068-3C0A-4D5F-886A-C7F08011BECE-400x533.jpeg\" alt=\"\" data-id=\"596\" data-link=\"https:\/\/www.gruene-ov-stuttgart.de\/weilimdorf\/11e76068-3c0a-4d5f-886a-c7f08011bece\/\" class=\"wp-image-596\" srcset=\"https:\/\/www.gruene-ov-stuttgart.de\/weilimdorf\/wp-content\/uploads\/2020\/07\/11E76068-3C0A-4D5F-886A-C7F08011BECE-400x533.jpeg 400w, https:\/\/www.gruene-ov-stuttgart.de\/weilimdorf\/wp-content\/uploads\/2020\/07\/11E76068-3C0A-4D5F-886A-C7F08011BECE-113x150.jpeg 113w, https:\/\/www.gruene-ov-stuttgart.de\/weilimdorf\/wp-content\/uploads\/2020\/07\/11E76068-3C0A-4D5F-886A-C7F08011BECE.jpeg 548w\" sizes=\"auto, (max-width: 400px) 100vw, 400px\" \/><\/figure><\/li><li class=\"blocks-gallery-item\"><figure><img loading=\"lazy\" decoding=\"async\" width=\"400\" height=\"300\" src=\"https:\/\/www.gruene-ov-stuttgart.de\/weilimdorf\/wp-content\/uploads\/2020\/06\/P1030639-400x300.jpg\" alt=\"\" data-id=\"420\" data-link=\"https:\/\/www.gruene-ov-stuttgart.de\/weilimdorf\/flora-fauna\/p1030639\/\" class=\"wp-image-420\" srcset=\"https:\/\/www.gruene-ov-stuttgart.de\/weilimdorf\/wp-content\/uploads\/2020\/06\/P1030639-400x300.jpg 400w, https:\/\/www.gruene-ov-stuttgart.de\/weilimdorf\/wp-content\/uploads\/2020\/06\/P1030639-800x600.jpg 800w, https:\/\/www.gruene-ov-stuttgart.de\/weilimdorf\/wp-content\/uploads\/2020\/06\/P1030639-768x576.jpg 768w, https:\/\/www.gruene-ov-stuttgart.de\/weilimdorf\/wp-content\/uploads\/2020\/06\/P1030639-1536x1152.jpg 1536w, https:\/\/www.gruene-ov-stuttgart.de\/weilimdorf\/wp-content\/uploads\/2020\/06\/P1030639-2048x1536.jpg 2048w, https:\/\/www.gruene-ov-stuttgart.de\/weilimdorf\/wp-content\/uploads\/2020\/06\/P1030639-150x113.jpg 150w\" sizes=\"auto, (max-width: 400px) 100vw, 400px\" \/><\/figure><\/li><li class=\"blocks-gallery-item\"><figure><img loading=\"lazy\" decoding=\"async\" width=\"400\" height=\"300\" src=\"https:\/\/www.gruene-ov-stuttgart.de\/weilimdorf\/wp-content\/uploads\/2020\/06\/P1030474-400x300.jpg\" alt=\"\" data-id=\"421\" data-link=\"https:\/\/www.gruene-ov-stuttgart.de\/weilimdorf\/flora-fauna\/p1030474\/\" class=\"wp-image-421\" srcset=\"https:\/\/www.gruene-ov-stuttgart.de\/weilimdorf\/wp-content\/uploads\/2020\/06\/P1030474-400x300.jpg 400w, https:\/\/www.gruene-ov-stuttgart.de\/weilimdorf\/wp-content\/uploads\/2020\/06\/P1030474-800x600.jpg 800w, https:\/\/www.gruene-ov-stuttgart.de\/weilimdorf\/wp-content\/uploads\/2020\/06\/P1030474-768x576.jpg 768w, https:\/\/www.gruene-ov-stuttgart.de\/weilimdorf\/wp-content\/uploads\/2020\/06\/P1030474-1536x1152.jpg 1536w, https:\/\/www.gruene-ov-stuttgart.de\/weilimdorf\/wp-content\/uploads\/2020\/06\/P1030474-2048x1536.jpg 2048w, https:\/\/www.gruene-ov-stuttgart.de\/weilimdorf\/wp-content\/uploads\/2020\/06\/P1030474-150x113.jpg 150w\" sizes=\"auto, (max-width: 400px) 100vw, 400px\" \/><\/figure><\/li><li class=\"blocks-gallery-item\"><figure><img loading=\"lazy\" decoding=\"async\" width=\"400\" height=\"225\" src=\"https:\/\/www.gruene-ov-stuttgart.de\/weilimdorf\/wp-content\/uploads\/2020\/07\/P1030672-400x225.jpg\" alt=\"\" data-id=\"623\" data-link=\"https:\/\/www.gruene-ov-stuttgart.de\/weilimdorf\/flora-fauna\/p1030672\/\" class=\"wp-image-623\" srcset=\"https:\/\/www.gruene-ov-stuttgart.de\/weilimdorf\/wp-content\/uploads\/2020\/07\/P1030672-400x225.jpg 400w, https:\/\/www.gruene-ov-stuttgart.de\/weilimdorf\/wp-content\/uploads\/2020\/07\/P1030672-800x450.jpg 800w, https:\/\/www.gruene-ov-stuttgart.de\/weilimdorf\/wp-content\/uploads\/2020\/07\/P1030672-768x432.jpg 768w, https:\/\/www.gruene-ov-stuttgart.de\/weilimdorf\/wp-content\/uploads\/2020\/07\/P1030672-1536x863.jpg 1536w, https:\/\/www.gruene-ov-stuttgart.de\/weilimdorf\/wp-content\/uploads\/2020\/07\/P1030672-2048x1151.jpg 2048w, https:\/\/www.gruene-ov-stuttgart.de\/weilimdorf\/wp-content\/uploads\/2020\/07\/P1030672-150x84.jpg 150w\" sizes=\"auto, (max-width: 400px) 100vw, 400px\" \/><\/figure><\/li><li class=\"blocks-gallery-item\"><figure><img loading=\"lazy\" decoding=\"async\" width=\"800\" height=\"600\" src=\"https:\/\/www.gruene-ov-stuttgart.de\/weilimdorf\/wp-content\/uploads\/2020\/07\/P1030684-2-800x600.jpg\" alt=\"\" data-id=\"626\" data-link=\"https:\/\/www.gruene-ov-stuttgart.de\/weilimdorf\/flora-fauna\/p1030684-2\/\" class=\"wp-image-626\" srcset=\"https:\/\/www.gruene-ov-stuttgart.de\/weilimdorf\/wp-content\/uploads\/2020\/07\/P1030684-2-800x600.jpg 800w, https:\/\/www.gruene-ov-stuttgart.de\/weilimdorf\/wp-content\/uploads\/2020\/07\/P1030684-2-400x300.jpg 400w, https:\/\/www.gruene-ov-stuttgart.de\/weilimdorf\/wp-content\/uploads\/2020\/07\/P1030684-2-768x576.jpg 768w, https:\/\/www.gruene-ov-stuttgart.de\/weilimdorf\/wp-content\/uploads\/2020\/07\/P1030684-2-1536x1152.jpg 1536w, https:\/\/www.gruene-ov-stuttgart.de\/weilimdorf\/wp-content\/uploads\/2020\/07\/P1030684-2-150x113.jpg 150w, https:\/\/www.gruene-ov-stuttgart.de\/weilimdorf\/wp-content\/uploads\/2020\/07\/P1030684-2.jpg 1644w\" sizes=\"auto, (max-width: 800px) 100vw, 800px\" \/><\/figure><\/li><\/ul><\/figure>\n\n\n\n<div style=\"height:100px\" aria-hidden=\"true\" class=\"wp-block-spacer\"><\/div>\n\n\n\n<figure class=\"wp-block-video\"><video height=\"480\" style=\"aspect-ratio: 640 \/ 480;\" width=\"640\" controls poster=\"https:\/\/www.gruene-ov-stuttgart.de\/weilimdorf\/wp-content\/uploads\/2020\/06\/D79E35B0-D853-4786-9371-2A0ED9DBDEC3.jpeg\" src=\"https:\/\/www.gruene-ov-stuttgart.de\/weilimdorf\/wp-content\/uploads\/2020\/06\/P1030277.mp4\"><\/video><figcaption>Streuobstwiesen im Naturschutzgebiet Greutterwald<\/figcaption><\/figure>\n\n\n\n<div style=\"height:100px\" aria-hidden=\"true\" class=\"wp-block-spacer\"><\/div>\n\n\n\n<figure class=\"wp-block-gallery columns-2 is-cropped wp-block-gallery-6 is-layout-flex wp-block-gallery-is-layout-flex\"><ul class=\"blocks-gallery-grid\"><li class=\"blocks-gallery-item\"><figure><img loading=\"lazy\" decoding=\"async\" width=\"400\" height=\"300\" src=\"https:\/\/www.gruene-ov-stuttgart.de\/weilimdorf\/wp-content\/uploads\/2020\/06\/P1000860_Apfelbl\u00fcte_kleiner-400x300.jpg\" alt=\"\" data-id=\"450\" data-link=\"https:\/\/www.gruene-ov-stuttgart.de\/weilimdorf\/flora-fauna\/p1000860_apfelbluete_kleiner\/\" class=\"wp-image-450\" srcset=\"https:\/\/www.gruene-ov-stuttgart.de\/weilimdorf\/wp-content\/uploads\/2020\/06\/P1000860_Apfelbl\u00fcte_kleiner-400x300.jpg 400w, https:\/\/www.gruene-ov-stuttgart.de\/weilimdorf\/wp-content\/uploads\/2020\/06\/P1000860_Apfelbl\u00fcte_kleiner-800x600.jpg 800w, https:\/\/www.gruene-ov-stuttgart.de\/weilimdorf\/wp-content\/uploads\/2020\/06\/P1000860_Apfelbl\u00fcte_kleiner-768x576.jpg 768w, https:\/\/www.gruene-ov-stuttgart.de\/weilimdorf\/wp-content\/uploads\/2020\/06\/P1000860_Apfelbl\u00fcte_kleiner-1536x1152.jpg 1536w, https:\/\/www.gruene-ov-stuttgart.de\/weilimdorf\/wp-content\/uploads\/2020\/06\/P1000860_Apfelbl\u00fcte_kleiner-150x113.jpg 150w, https:\/\/www.gruene-ov-stuttgart.de\/weilimdorf\/wp-content\/uploads\/2020\/06\/P1000860_Apfelbl\u00fcte_kleiner.jpg 1632w\" sizes=\"auto, (max-width: 400px) 100vw, 400px\" \/><\/figure><\/li><li class=\"blocks-gallery-item\"><figure><img loading=\"lazy\" decoding=\"async\" width=\"400\" height=\"300\" src=\"https:\/\/www.gruene-ov-stuttgart.de\/weilimdorf\/wp-content\/uploads\/2020\/06\/P1030636-400x300.jpg\" alt=\"\" data-id=\"453\" data-link=\"https:\/\/www.gruene-ov-stuttgart.de\/weilimdorf\/flora-fauna\/p1030636\/\" class=\"wp-image-453\" srcset=\"https:\/\/www.gruene-ov-stuttgart.de\/weilimdorf\/wp-content\/uploads\/2020\/06\/P1030636-400x300.jpg 400w, https:\/\/www.gruene-ov-stuttgart.de\/weilimdorf\/wp-content\/uploads\/2020\/06\/P1030636-800x600.jpg 800w, https:\/\/www.gruene-ov-stuttgart.de\/weilimdorf\/wp-content\/uploads\/2020\/06\/P1030636-768x576.jpg 768w, https:\/\/www.gruene-ov-stuttgart.de\/weilimdorf\/wp-content\/uploads\/2020\/06\/P1030636-1536x1152.jpg 1536w, https:\/\/www.gruene-ov-stuttgart.de\/weilimdorf\/wp-content\/uploads\/2020\/06\/P1030636-2048x1536.jpg 2048w, https:\/\/www.gruene-ov-stuttgart.de\/weilimdorf\/wp-content\/uploads\/2020\/06\/P1030636-150x113.jpg 150w\" sizes=\"auto, (max-width: 400px) 100vw, 400px\" \/><\/figure><\/li><li class=\"blocks-gallery-item\"><figure><img loading=\"lazy\" decoding=\"async\" width=\"400\" height=\"225\" src=\"https:\/\/www.gruene-ov-stuttgart.de\/weilimdorf\/wp-content\/uploads\/2020\/06\/P1030608_Loewenzahn_verkleinert-400x225.jpg\" alt=\"\" data-id=\"452\" data-link=\"https:\/\/www.gruene-ov-stuttgart.de\/weilimdorf\/flora-fauna\/p1030608_loewenzahn_verkleinert\/\" class=\"wp-image-452\" srcset=\"https:\/\/www.gruene-ov-stuttgart.de\/weilimdorf\/wp-content\/uploads\/2020\/06\/P1030608_Loewenzahn_verkleinert-400x225.jpg 400w, https:\/\/www.gruene-ov-stuttgart.de\/weilimdorf\/wp-content\/uploads\/2020\/06\/P1030608_Loewenzahn_verkleinert-800x450.jpg 800w, https:\/\/www.gruene-ov-stuttgart.de\/weilimdorf\/wp-content\/uploads\/2020\/06\/P1030608_Loewenzahn_verkleinert-768x432.jpg 768w, https:\/\/www.gruene-ov-stuttgart.de\/weilimdorf\/wp-content\/uploads\/2020\/06\/P1030608_Loewenzahn_verkleinert-1536x863.jpg 1536w, https:\/\/www.gruene-ov-stuttgart.de\/weilimdorf\/wp-content\/uploads\/2020\/06\/P1030608_Loewenzahn_verkleinert-150x84.jpg 150w, https:\/\/www.gruene-ov-stuttgart.de\/weilimdorf\/wp-content\/uploads\/2020\/06\/P1030608_Loewenzahn_verkleinert.jpg 1886w\" sizes=\"auto, (max-width: 400px) 100vw, 400px\" \/><\/figure><\/li><li class=\"blocks-gallery-item\"><figure><img loading=\"lazy\" decoding=\"async\" width=\"400\" height=\"533\" src=\"https:\/\/www.gruene-ov-stuttgart.de\/weilimdorf\/wp-content\/uploads\/2020\/06\/P1030466_Farn_kleiner-400x533.jpg\" alt=\"\" data-id=\"462\" data-link=\"https:\/\/www.gruene-ov-stuttgart.de\/weilimdorf\/flora-fauna\/p1030466_farn_kleiner\/\" class=\"wp-image-462\" srcset=\"https:\/\/www.gruene-ov-stuttgart.de\/weilimdorf\/wp-content\/uploads\/2020\/06\/P1030466_Farn_kleiner-400x533.jpg 400w, https:\/\/www.gruene-ov-stuttgart.de\/weilimdorf\/wp-content\/uploads\/2020\/06\/P1030466_Farn_kleiner-800x1067.jpg 800w, https:\/\/www.gruene-ov-stuttgart.de\/weilimdorf\/wp-content\/uploads\/2020\/06\/P1030466_Farn_kleiner-768x1024.jpg 768w, https:\/\/www.gruene-ov-stuttgart.de\/weilimdorf\/wp-content\/uploads\/2020\/06\/P1030466_Farn_kleiner-1152x1536.jpg 1152w, https:\/\/www.gruene-ov-stuttgart.de\/weilimdorf\/wp-content\/uploads\/2020\/06\/P1030466_Farn_kleiner-113x150.jpg 113w, https:\/\/www.gruene-ov-stuttgart.de\/weilimdorf\/wp-content\/uploads\/2020\/06\/P1030466_Farn_kleiner-rotated.jpg 1224w\" sizes=\"auto, (max-width: 400px) 100vw, 400px\" \/><\/figure><\/li><li class=\"blocks-gallery-item\"><figure><img loading=\"lazy\" decoding=\"async\" width=\"400\" height=\"300\" src=\"https:\/\/www.gruene-ov-stuttgart.de\/weilimdorf\/wp-content\/uploads\/2020\/06\/Apfelbl\u00fcte_2_kleiner-400x300.jpg\" alt=\"\" data-id=\"463\" data-full-url=\"https:\/\/www.gruene-ov-stuttgart.de\/weilimdorf\/wp-content\/uploads\/2020\/06\/Apfelbl\u00fcte_2_kleiner.jpg\" data-link=\"https:\/\/www.gruene-ov-stuttgart.de\/weilimdorf\/flora-fauna\/apfelbluete_2_kleiner\/\" class=\"wp-image-463\" srcset=\"https:\/\/www.gruene-ov-stuttgart.de\/weilimdorf\/wp-content\/uploads\/2020\/06\/Apfelbl\u00fcte_2_kleiner-400x300.jpg 400w, https:\/\/www.gruene-ov-stuttgart.de\/weilimdorf\/wp-content\/uploads\/2020\/06\/Apfelbl\u00fcte_2_kleiner-800x600.jpg 800w, https:\/\/www.gruene-ov-stuttgart.de\/weilimdorf\/wp-content\/uploads\/2020\/06\/Apfelbl\u00fcte_2_kleiner-768x576.jpg 768w, https:\/\/www.gruene-ov-stuttgart.de\/weilimdorf\/wp-content\/uploads\/2020\/06\/Apfelbl\u00fcte_2_kleiner-1536x1152.jpg 1536w, https:\/\/www.gruene-ov-stuttgart.de\/weilimdorf\/wp-content\/uploads\/2020\/06\/Apfelbl\u00fcte_2_kleiner-150x113.jpg 150w, https:\/\/www.gruene-ov-stuttgart.de\/weilimdorf\/wp-content\/uploads\/2020\/06\/Apfelbl\u00fcte_2_kleiner.jpg 1632w\" sizes=\"auto, (max-width: 400px) 100vw, 400px\" \/><\/figure><\/li><\/ul><\/figure>\n","protected":false},"excerpt":{"rendered":"<p>Weilimdorfs Fl\u00e4chen sind mittlerweile zu rund 40 % bebaut, oder mit anderen Worten: mehr oder weniger versiegelt &#8211; sicher auch der Tatsache geschuldet, dass unser Stadtteil der zweitgr\u00f6\u00dfte Wirtschaftsstandort Stuttgarts [&hellip;]<\/p>\n","protected":false},"author":2,"featured_media":0,"parent":0,"menu_order":9,"comment_status":"closed","ping_status":"closed","template":"","meta":{"footnotes":""},"class_list":["post-124","page","type-page","status-publish","hentry"],"_links":{"self":[{"href":"https:\/\/www.gruene-ov-stuttgart.de\/weilimdorf\/wp-json\/wp\/v2\/pages\/124","targetHints":{"allow":["GET"]}}],"collection":[{"href":"https:\/\/www.gruene-ov-stuttgart.de\/weilimdorf\/wp-json\/wp\/v2\/pages"}],"about":[{"href":"https:\/\/www.gruene-ov-stuttgart.de\/weilimdorf\/wp-json\/wp\/v2\/types\/page"}],"author":[{"embeddable":true,"href":"https:\/\/www.gruene-ov-stuttgart.de\/weilimdorf\/wp-json\/wp\/v2\/users\/2"}],"replies":[{"embeddable":true,"href":"https:\/\/www.gruene-ov-stuttgart.de\/weilimdorf\/wp-json\/wp\/v2\/comments?post=124"}],"version-history":[{"count":70,"href":"https:\/\/www.gruene-ov-stuttgart.de\/weilimdorf\/wp-json\/wp\/v2\/pages\/124\/revisions"}],"predecessor-version":[{"id":1946,"href":"https:\/\/www.gruene-ov-stuttgart.de\/weilimdorf\/wp-json\/wp\/v2\/pages\/124\/revisions\/1946"}],"wp:attachment":[{"href":"https:\/\/www.gruene-ov-stuttgart.de\/weilimdorf\/wp-json\/wp\/v2\/media?parent=124"}],"curies":[{"name":"wp","href":"https:\/\/api.w.org\/{rel}","templated":true}]}}